{"id":72,"date":"2016-03-03T12:52:29","date_gmt":"2016-03-03T11:52:29","guid":{"rendered":"https:\/\/www.lessauterelles.be\/1\/?page_id=72"},"modified":"2025-09-29T18:17:58","modified_gmt":"2025-09-29T17:17:58","slug":"en-pratique","status":"publish","type":"page","link":"https:\/\/www.lessauterelles.be\/accueil\/en-pratique\/","title":{"rendered":"En pratique"},"content":{"rendered":"<p>[et_pb_section fb_built=\u00a0\u00bb1&Prime; fullwidth=\u00a0\u00bbon\u00a0\u00bb _builder_version=\u00a0\u00bb4.27.4&Prime; _module_preset=\u00a0\u00bbdefault\u00a0\u00bb background_image=\u00a0\u00bbhttps:\/\/www.lessauterelles.be\/accueil\/wp-content\/uploads\/2016\/02\/bg8.jpg\u00a0\u00bb background_size=\u00a0\u00bbinitial\u00a0\u00bb background_repeat=\u00a0\u00bbrepeat\u00a0\u00bb custom_padding=\u00a0\u00bb||38px||false|false\u00a0\u00bb animation_style=\u00a0\u00bbfade\u00a0\u00bb global_colors_info=\u00a0\u00bb{}\u00a0\u00bb][et_pb_fullwidth_slider admin_label=\u00a0\u00bbCurseur de d\u00e9filement plein \u00e9cran\u00a0\u00bb _builder_version=\u00a0\u00bb4.27.4&Prime; _module_preset=\u00a0\u00bbdefault\u00a0\u00bb background_image=\u00a0\u00bbhttps:\/\/www.lessauterelles.be\/accueil\/wp-content\/uploads\/2016\/03\/bebe-couche.jpg\u00a0\u00bb content_width_tablet=\u00a0\u00bb100%\u00a0\u00bb content_width_phone=\u00a0\u00bb100%\u00a0\u00bb content_width_last_edited=\u00a0\u00bbon|phone\u00a0\u00bb custom_padding=\u00a0\u00bb23%||23%||false|false\u00a0\u00bb custom_padding_tablet=\u00a0\u00bb23%||23%||false|false\u00a0\u00bb custom_padding_phone=\u00a0\u00bb22%||22%||true|false\u00a0\u00bb custom_padding_last_edited=\u00a0\u00bbon|phone\u00a0\u00bb auto=\u00a0\u00bbon\u00a0\u00bb auto_ignore_hover=\u00a0\u00bbon\u00a0\u00bb global_colors_info=\u00a0\u00bb{}\u00a0\u00bb][et_pb_slide _builder_version=\u00a0\u00bb4.27.4&Prime; _module_preset=\u00a0\u00bbdefault\u00a0\u00bb background_enable_color=\u00a0\u00bboff\u00a0\u00bb background_image=\u00a0\u00bbhttps:\/\/www.lessauterelles.be\/accueil\/wp-content\/uploads\/2016\/03\/bebe-couche.jpg\u00a0\u00bb background_enable_image=\u00a0\u00bbon\u00a0\u00bb background_size=\u00a0\u00bbstretch\u00a0\u00bb width=\u00a0\u00bb100%\u00a0\u00bb max_width=\u00a0\u00bb100%\u00a0\u00bb global_colors_info=\u00a0\u00bb{}\u00a0\u00bb sticky_transition=\u00a0\u00bbon\u00a0\u00bb][\/et_pb_slide][et_pb_slide _builder_version=\u00a0\u00bb4.27.4&Prime; _module_preset=\u00a0\u00bbdefault\u00a0\u00bb background_image=\u00a0\u00bbhttps:\/\/www.lessauterelles.be\/accueil\/wp-content\/uploads\/2016\/03\/dormir-lit-bebe-e1754500105117.jpg\u00a0\u00bb background_enable_image=\u00a0\u00bbon\u00a0\u00bb background_size=\u00a0\u00bbstretch\u00a0\u00bb width=\u00a0\u00bb100%\u00a0\u00bb max_width=\u00a0\u00bb100%\u00a0\u00bb global_colors_info=\u00a0\u00bb{}\u00a0\u00bb sticky_transition=\u00a0\u00bbon\u00a0\u00bb][\/et_pb_slide][\/et_pb_fullwidth_slider][\/et_pb_section][et_pb_section fb_built=\u00a0\u00bb1&Prime; _builder_version=\u00a0\u00bb4.27.4&Prime; background_image=\u00a0\u00bbhttps:\/\/www.lessauterelles.be\/accueil\/wp-content\/uploads\/2016\/02\/bg8.jpg\u00a0\u00bb background_size=\u00a0\u00bbinitial\u00a0\u00bb background_repeat=\u00a0\u00bbrepeat\u00a0\u00bb custom_padding=\u00a0\u00bb0px||||false|false\u00a0\u00bb global_colors_info=\u00a0\u00bb{}\u00a0\u00bb][et_pb_row _builder_version=\u00a0\u00bb4.27.4&Prime; background_color=\u00a0\u00bb#ffffff\u00a0\u00bb background_size=\u00a0\u00bbinitial\u00a0\u00bb background_position=\u00a0\u00bbtop_left\u00a0\u00bb background_repeat=\u00a0\u00bbrepeat\u00a0\u00bb custom_margin_tablet=\u00a0\u00bb\u00a0\u00bb custom_margin_phone=\u00a0\u00bb\u00a0\u00bb custom_margin_last_edited=\u00a0\u00bbon|phone\u00a0\u00bb custom_padding=\u00a0\u00bb0px||||false|false\u00a0\u00bb global_colors_info=\u00a0\u00bb{}\u00a0\u00bb][et_pb_column type=\u00a0\u00bb4_4&Prime; _builder_version=\u00a0\u00bb4.16&Prime; custom_padding=\u00a0\u00bb|||\u00a0\u00bb global_colors_info=\u00a0\u00bb{}\u00a0\u00bb custom_padding__hover=\u00a0\u00bb|||\u00a0\u00bb][et_pb_text _builder_version=\u00a0\u00bb4.27.4&Prime; background_enable_color=\u00a0\u00bboff\u00a0\u00bb background_size=\u00a0\u00bbinitial\u00a0\u00bb background_position=\u00a0\u00bbtop_left\u00a0\u00bb background_repeat=\u00a0\u00bbrepeat\u00a0\u00bb custom_margin=\u00a0\u00bb|50px|||false|false\u00a0\u00bb custom_padding=\u00a0\u00bb12px|||20px|false|false\u00a0\u00bb hover_enabled=\u00a0\u00bb0&Prime; global_colors_info=\u00a0\u00bb{}\u00a0\u00bb sticky_enabled=\u00a0\u00bb0&Prime;]<\/p>\n<ul>\n<li><span class=\"html-span xdj266r x14z9mp xat24cr x1lziwak xexx8yu xyri2b x18d9i69 x1c1uobl x1hl2dhg x16tdsg8 x1vvkbs x4k7w5x x1h91t0o x1h9r5lt x1jfb8zj xv2umb2 x1beo9mf xaigb6o x12ejxvf x3igimt xarpa2k xedcshv x1lytzrv x1t2pt76 x7ja8zs x1qrby5j\"><span class=\"x193iq5w xeuugli x13faqbe x1vvkbs xlh3980 xvmahel x1n0sxbx x1lliihq x1s928wv xhkezso x1gmr53x x1cpjm7i x1fgarty x1943h6x xudqn12 x3x7a5m x6prxxf xvq8zen xo1l8bm xzsf02u\" dir=\"auto\">La cr\u00e8che<\/span><\/span> est ouverte toute l\u2019ann\u00e9e, du lundi au vendredi, de <strong>7h30<\/strong> \u00e0 <strong>17h45<\/strong><\/li>\n<li>Nous fermons uniquement les jours f\u00e9ri\u00e9s l\u00e9gaux<\/li>\n<li>Possibilit\u00e9 de d\u00e9pannage (\u00e0 la journ\u00e9e) selon les disponibilit\u00e9s<\/li>\n<li>N\u2019h\u00e9sitez pas \u00e0 <strong><span style=\"text-decoration: underline;\"><a href=\"https:\/\/www.lessauterelles.be\/accueil\/nous-contacter\/\">nous contacter<\/a><\/span><\/strong> si vous souhaitez conna\u00eetre nos disponibilit\u00e9s, si vous souhaitez plus d\u2019informations ou si vous souhaitez prendre rendez-vous pour visiter la cr\u00e8che<\/li>\n<li>Nous disposons d\u2019un local pour stocker les poussettes<\/li>\n<li>Les repas sont pr\u00e9par\u00e9s sur place<\/li>\n<\/ul>\n<p>&nbsp;<\/p>\n<p>[\/et_pb_text][\/et_pb_column][\/et_pb_row][\/et_pb_section]<\/p>\n","protected":false},"excerpt":{"rendered":"<p>La cr\u00e8che est ouverte toute l\u2019ann\u00e9e, du lundi au vendredi, de 7h30 \u00e0 17h45 Nous fermons uniquement les jours f\u00e9ri\u00e9s l\u00e9gaux Possibilit\u00e9 de d\u00e9pannage (\u00e0 la journ\u00e9e) selon les disponibilit\u00e9s N\u2019h\u00e9sitez pas \u00e0 nous contacter si vous souhaitez conna\u00eetre nos disponibilit\u00e9s, si vous souhaitez plus d\u2019informations ou si vous souhaitez prendre rendez-vous pour visiter la [&hellip;]<\/p>\n","protected":false},"author":1,"featured_media":0,"parent":0,"menu_order":0,"comment_status":"closed","ping_status":"closed","template":"","meta":{"_et_pb_use_builder":"on","_et_pb_old_content":"[soliloquy id=\"100\"]\r\n\r\n\u00a0\r\n<ul>\r\n \t<li>La maison d\u2019enfants est ouverte toute l\u2019ann\u00e9e, du lundi au vendredi, de <strong>7h30<\/strong> \u00e0 <strong>18h00<\/strong>.<\/li>\r\n \t<li>Nous fermons uniquement les jours f\u00e9ri\u00e9s l\u00e9gaux et nous faisons les ponts\u2026<\/li>\r\n \t<li>Possibilit\u00e9 de d\u00e9pannage (\u00e0 la journ\u00e9e) selon les disponibilit\u00e9s.<\/li>\r\n \t<li>N\u2019h\u00e9sitez pas \u00e0 <strong><span style=\"text-decoration: underline;\"><a href=\"https:\/\/www.lessauterelles.be\/accueil\/nous-contacter\/\">nous contacter<\/a><\/span><\/strong> si vous souhaitez conna\u00eetre nos disponibilit\u00e9s, si vous souhaitez plus d\u2019informations ou si vous souhaitez prendre rendez-vous pour visiter la cr\u00e8che.<\/li>\r\n \t<li>Nous disposons d\u2019un local pour stocker les poussettes.<\/li>\r\n \t<li>Les repas sont pr\u00e9par\u00e9s sur place.<\/li>\r\n<\/ul>\r\n\u00a0","_et_gb_content_width":"","footnotes":""},"class_list":["post-72","page","type-page","status-publish","hentry"],"yoast_head":"<!-- This site is optimized with the Yoast SEO plugin v27.4 - https:\/\/yoast.com\/product\/yoast-seo-wordpress\/ -->\n<title>En pratique - Les sauterelles<\/title>\n<meta name=\"description\" content=\"La cr\u00e8che est ouverte toute l\u2019ann\u00e9e, du lundi au vendredi, de 7h30 \u00e0 17h45, Nous fermons uniquement les jours f\u00e9ri\u00e9s l\u00e9gauxPossibilit\u00e9 de d\u00e9pannage (\u00e0 la journ\u00e9e) selon les disponibilit\u00e9s\" \/>\n<meta name=\"robots\" content=\"index, follow, max-snippet:-1, max-image-preview:large, max-video-preview:-1\" \/>\n<link rel=\"canonical\" href=\"https:\/\/www.lessauterelles.be\/accueil\/en-pratique\/\" \/>\n<meta property=\"og:locale\" content=\"fr_FR\" \/>\n<meta property=\"og:type\" content=\"article\" \/>\n<meta property=\"og:title\" content=\"En pratique - Les sauterelles\" \/>\n<meta property=\"og:description\" content=\"La cr\u00e8che est ouverte toute l\u2019ann\u00e9e, du lundi au vendredi, de 7h30 \u00e0 17h45, Nous fermons uniquement les jours f\u00e9ri\u00e9s l\u00e9gauxPossibilit\u00e9 de d\u00e9pannage (\u00e0 la journ\u00e9e) selon les disponibilit\u00e9s\" \/>\n<meta property=\"og:url\" content=\"https:\/\/www.lessauterelles.be\/accueil\/en-pratique\/\" \/>\n<meta property=\"og:site_name\" content=\"Les sauterelles\" \/>\n<meta property=\"article:modified_time\" content=\"2025-09-29T17:17:58+00:00\" \/>\n<meta name=\"twitter:card\" content=\"summary_large_image\" \/>\n<meta name=\"twitter:label1\" content=\"Dur\u00e9e de lecture estim\u00e9e\" \/>\n\t<meta name=\"twitter:data1\" content=\"1 minute\" \/>\n<script type=\"application\/ld+json\" class=\"yoast-schema-graph\">{\"@context\":\"https:\\\/\\\/schema.org\",\"@graph\":[{\"@type\":\"WebPage\",\"@id\":\"https:\\\/\\\/www.lessauterelles.be\\\/accueil\\\/en-pratique\\\/\",\"url\":\"https:\\\/\\\/www.lessauterelles.be\\\/accueil\\\/en-pratique\\\/\",\"name\":\"En pratique - Les sauterelles\",\"isPartOf\":{\"@id\":\"https:\\\/\\\/www.lessauterelles.be\\\/accueil\\\/#website\"},\"datePublished\":\"2016-03-03T11:52:29+00:00\",\"dateModified\":\"2025-09-29T17:17:58+00:00\",\"description\":\"La cr\u00e8che est ouverte toute l\u2019ann\u00e9e, du lundi au vendredi, de 7h30 \u00e0 17h45, Nous fermons uniquement les jours f\u00e9ri\u00e9s l\u00e9gauxPossibilit\u00e9 de d\u00e9pannage (\u00e0 la journ\u00e9e) selon les disponibilit\u00e9s\",\"breadcrumb\":{\"@id\":\"https:\\\/\\\/www.lessauterelles.be\\\/accueil\\\/en-pratique\\\/#breadcrumb\"},\"inLanguage\":\"fr-FR\",\"potentialAction\":[{\"@type\":\"ReadAction\",\"target\":[\"https:\\\/\\\/www.lessauterelles.be\\\/accueil\\\/en-pratique\\\/\"]}]},{\"@type\":\"BreadcrumbList\",\"@id\":\"https:\\\/\\\/www.lessauterelles.be\\\/accueil\\\/en-pratique\\\/#breadcrumb\",\"itemListElement\":[{\"@type\":\"ListItem\",\"position\":1,\"name\":\"Accueil\",\"item\":\"https:\\\/\\\/www.lessauterelles.be\\\/accueil\\\/\"},{\"@type\":\"ListItem\",\"position\":2,\"name\":\"En pratique\"}]},{\"@type\":\"WebSite\",\"@id\":\"https:\\\/\\\/www.lessauterelles.be\\\/accueil\\\/#website\",\"url\":\"https:\\\/\\\/www.lessauterelles.be\\\/accueil\\\/\",\"name\":\"Les sauterelles\",\"description\":\"Une cr\u00e8che conviviale et accueillante au c\u0153ur de Berchem-Sainte-Agathe\u00a0\",\"publisher\":{\"@id\":\"https:\\\/\\\/www.lessauterelles.be\\\/accueil\\\/#organization\"},\"potentialAction\":[{\"@type\":\"SearchAction\",\"target\":{\"@type\":\"EntryPoint\",\"urlTemplate\":\"https:\\\/\\\/www.lessauterelles.be\\\/accueil\\\/?s={search_term_string}\"},\"query-input\":{\"@type\":\"PropertyValueSpecification\",\"valueRequired\":true,\"valueName\":\"search_term_string\"}}],\"inLanguage\":\"fr-FR\"},{\"@type\":\"Organization\",\"@id\":\"https:\\\/\\\/www.lessauterelles.be\\\/accueil\\\/#organization\",\"name\":\"Les sauterelles\",\"url\":\"https:\\\/\\\/www.lessauterelles.be\\\/accueil\\\/\",\"logo\":{\"@type\":\"ImageObject\",\"inLanguage\":\"fr-FR\",\"@id\":\"https:\\\/\\\/www.lessauterelles.be\\\/accueil\\\/#\\\/schema\\\/logo\\\/image\\\/\",\"url\":\"https:\\\/\\\/i0.wp.com\\\/www.lessauterelles.be\\\/accueil\\\/wp-content\\\/uploads\\\/2025\\\/03\\\/babynouch-sohie-katz.png?fit=481%2C486&ssl=1\",\"contentUrl\":\"https:\\\/\\\/i0.wp.com\\\/www.lessauterelles.be\\\/accueil\\\/wp-content\\\/uploads\\\/2025\\\/03\\\/babynouch-sohie-katz.png?fit=481%2C486&ssl=1\",\"width\":481,\"height\":486,\"caption\":\"Les sauterelles\"},\"image\":{\"@id\":\"https:\\\/\\\/www.lessauterelles.be\\\/accueil\\\/#\\\/schema\\\/logo\\\/image\\\/\"}}]}<\/script>\n<!-- \/ Yoast SEO plugin. -->","yoast_head_json":{"title":"En pratique - Les sauterelles","description":"La cr\u00e8che est ouverte toute l\u2019ann\u00e9e, du lundi au vendredi, de 7h30 \u00e0 17h45, Nous fermons uniquement les jours f\u00e9ri\u00e9s l\u00e9gauxPossibilit\u00e9 de d\u00e9pannage (\u00e0 la journ\u00e9e) selon les disponibilit\u00e9s","robots":{"index":"index","follow":"follow","max-snippet":"max-snippet:-1","max-image-preview":"max-image-preview:large","max-video-preview":"max-video-preview:-1"},"canonical":"https:\/\/www.lessauterelles.be\/accueil\/en-pratique\/","og_locale":"fr_FR","og_type":"article","og_title":"En pratique - Les sauterelles","og_description":"La cr\u00e8che est ouverte toute l\u2019ann\u00e9e, du lundi au vendredi, de 7h30 \u00e0 17h45, Nous fermons uniquement les jours f\u00e9ri\u00e9s l\u00e9gauxPossibilit\u00e9 de d\u00e9pannage (\u00e0 la journ\u00e9e) selon les disponibilit\u00e9s","og_url":"https:\/\/www.lessauterelles.be\/accueil\/en-pratique\/","og_site_name":"Les sauterelles","article_modified_time":"2025-09-29T17:17:58+00:00","twitter_card":"summary_large_image","twitter_misc":{"Dur\u00e9e de lecture estim\u00e9e":"1 minute"},"schema":{"@context":"https:\/\/schema.org","@graph":[{"@type":"WebPage","@id":"https:\/\/www.lessauterelles.be\/accueil\/en-pratique\/","url":"https:\/\/www.lessauterelles.be\/accueil\/en-pratique\/","name":"En pratique - Les sauterelles","isPartOf":{"@id":"https:\/\/www.lessauterelles.be\/accueil\/#website"},"datePublished":"2016-03-03T11:52:29+00:00","dateModified":"2025-09-29T17:17:58+00:00","description":"La cr\u00e8che est ouverte toute l\u2019ann\u00e9e, du lundi au vendredi, de 7h30 \u00e0 17h45, Nous fermons uniquement les jours f\u00e9ri\u00e9s l\u00e9gauxPossibilit\u00e9 de d\u00e9pannage (\u00e0 la journ\u00e9e) selon les disponibilit\u00e9s","breadcrumb":{"@id":"https:\/\/www.lessauterelles.be\/accueil\/en-pratique\/#breadcrumb"},"inLanguage":"fr-FR","potentialAction":[{"@type":"ReadAction","target":["https:\/\/www.lessauterelles.be\/accueil\/en-pratique\/"]}]},{"@type":"BreadcrumbList","@id":"https:\/\/www.lessauterelles.be\/accueil\/en-pratique\/#breadcrumb","itemListElement":[{"@type":"ListItem","position":1,"name":"Accueil","item":"https:\/\/www.lessauterelles.be\/accueil\/"},{"@type":"ListItem","position":2,"name":"En pratique"}]},{"@type":"WebSite","@id":"https:\/\/www.lessauterelles.be\/accueil\/#website","url":"https:\/\/www.lessauterelles.be\/accueil\/","name":"Les sauterelles","description":"Une cr\u00e8che conviviale et accueillante au c\u0153ur de Berchem-Sainte-Agathe\u00a0","publisher":{"@id":"https:\/\/www.lessauterelles.be\/accueil\/#organization"},"potentialAction":[{"@type":"SearchAction","target":{"@type":"EntryPoint","urlTemplate":"https:\/\/www.lessauterelles.be\/accueil\/?s={search_term_string}"},"query-input":{"@type":"PropertyValueSpecification","valueRequired":true,"valueName":"search_term_string"}}],"inLanguage":"fr-FR"},{"@type":"Organization","@id":"https:\/\/www.lessauterelles.be\/accueil\/#organization","name":"Les sauterelles","url":"https:\/\/www.lessauterelles.be\/accueil\/","logo":{"@type":"ImageObject","inLanguage":"fr-FR","@id":"https:\/\/www.lessauterelles.be\/accueil\/#\/schema\/logo\/image\/","url":"https:\/\/i0.wp.com\/www.lessauterelles.be\/accueil\/wp-content\/uploads\/2025\/03\/babynouch-sohie-katz.png?fit=481%2C486&ssl=1","contentUrl":"https:\/\/i0.wp.com\/www.lessauterelles.be\/accueil\/wp-content\/uploads\/2025\/03\/babynouch-sohie-katz.png?fit=481%2C486&ssl=1","width":481,"height":486,"caption":"Les sauterelles"},"image":{"@id":"https:\/\/www.lessauterelles.be\/accueil\/#\/schema\/logo\/image\/"}}]}},"jetpack_shortlink":"https:\/\/wp.me\/P9fSHg-1a","jetpack_sharing_enabled":true,"_links":{"self":[{"href":"https:\/\/www.lessauterelles.be\/accueil\/wp-json\/wp\/v2\/pages\/72","targetHints":{"allow":["GET"]}}],"collection":[{"href":"https:\/\/www.lessauterelles.be\/accueil\/wp-json\/wp\/v2\/pages"}],"about":[{"href":"https:\/\/www.lessauterelles.be\/accueil\/wp-json\/wp\/v2\/types\/page"}],"author":[{"embeddable":true,"href":"https:\/\/www.lessauterelles.be\/accueil\/wp-json\/wp\/v2\/users\/1"}],"replies":[{"embeddable":true,"href":"https:\/\/www.lessauterelles.be\/accueil\/wp-json\/wp\/v2\/comments?post=72"}],"version-history":[{"count":46,"href":"https:\/\/www.lessauterelles.be\/accueil\/wp-json\/wp\/v2\/pages\/72\/revisions"}],"predecessor-version":[{"id":533,"href":"https:\/\/www.lessauterelles.be\/accueil\/wp-json\/wp\/v2\/pages\/72\/revisions\/533"}],"wp:attachment":[{"href":"https:\/\/www.lessauterelles.be\/accueil\/wp-json\/wp\/v2\/media?parent=72"}],"curies":[{"name":"wp","href":"https:\/\/api.w.org\/{rel}","templated":true}]}}