{"id":30,"date":"2016-02-24T15:44:14","date_gmt":"2016-02-24T14:44:14","guid":{"rendered":"https:\/\/www.lessauterelles.be\/?page_id=30"},"modified":"2025-09-29T18:16:56","modified_gmt":"2025-09-29T17:16:56","slug":"projet","status":"publish","type":"page","link":"https:\/\/www.lessauterelles.be\/accueil\/projet\/","title":{"rendered":"Projets"},"content":{"rendered":"<p>[et_pb_section fb_built=\u00a0\u00bb1&Prime; fullwidth=\u00a0\u00bbon\u00a0\u00bb _builder_version=\u00a0\u00bb4.27.4&Prime; _module_preset=\u00a0\u00bbdefault\u00a0\u00bb background_image=\u00a0\u00bbhttps:\/\/www.lessauterelles.be\/accueil\/wp-content\/uploads\/2016\/02\/bg8.jpg\u00a0\u00bb background_size=\u00a0\u00bbinitial\u00a0\u00bb background_repeat=\u00a0\u00bbrepeat\u00a0\u00bb custom_padding=\u00a0\u00bb||38px||false|false\u00a0\u00bb animation_style=\u00a0\u00bbfade\u00a0\u00bb global_colors_info=\u00a0\u00bb{}\u00a0\u00bb][et_pb_fullwidth_slider admin_label=\u00a0\u00bbCurseur de d\u00e9filement plein \u00e9cran\u00a0\u00bb _builder_version=\u00a0\u00bb4.27.4&Prime; _module_preset=\u00a0\u00bbdefault\u00a0\u00bb content_width_tablet=\u00a0\u00bb100%\u00a0\u00bb content_width_phone=\u00a0\u00bb100%\u00a0\u00bb content_width_last_edited=\u00a0\u00bbon|phone\u00a0\u00bb custom_padding=\u00a0\u00bb23%||23%||false|false\u00a0\u00bb custom_padding_tablet=\u00a0\u00bb23%||23%||false|false\u00a0\u00bb custom_padding_phone=\u00a0\u00bb22%||22%||true|false\u00a0\u00bb custom_padding_last_edited=\u00a0\u00bbon|phone\u00a0\u00bb auto=\u00a0\u00bbon\u00a0\u00bb auto_ignore_hover=\u00a0\u00bbon\u00a0\u00bb global_colors_info=\u00a0\u00bb{}\u00a0\u00bb][et_pb_slide _builder_version=\u00a0\u00bb4.27.4&Prime; _module_preset=\u00a0\u00bbdefault\u00a0\u00bb background_enable_color=\u00a0\u00bboff\u00a0\u00bb background_image=\u00a0\u00bbhttps:\/\/www.lessauterelles.be\/accueil\/wp-content\/uploads\/2016\/03\/Dessi-jeuenfants.jpg\u00a0\u00bb background_enable_image=\u00a0\u00bbon\u00a0\u00bb background_size=\u00a0\u00bbstretch\u00a0\u00bb width=\u00a0\u00bb100%\u00a0\u00bb max_width=\u00a0\u00bb100%\u00a0\u00bb global_colors_info=\u00a0\u00bb{}\u00a0\u00bb sticky_transition=\u00a0\u00bbon\u00a0\u00bb][\/et_pb_slide][et_pb_slide _builder_version=\u00a0\u00bb4.27.4&Prime; _module_preset=\u00a0\u00bbdefault\u00a0\u00bb background_image=\u00a0\u00bbhttps:\/\/www.lessauterelles.be\/accueil\/wp-content\/uploads\/2016\/03\/Peluche-cabane.jpg\u00a0\u00bb background_enable_image=\u00a0\u00bbon\u00a0\u00bb background_size=\u00a0\u00bbstretch\u00a0\u00bb width=\u00a0\u00bb100%\u00a0\u00bb max_width=\u00a0\u00bb100%\u00a0\u00bb global_colors_info=\u00a0\u00bb{}\u00a0\u00bb sticky_transition=\u00a0\u00bbon\u00a0\u00bb][\/et_pb_slide][et_pb_slide _builder_version=\u00a0\u00bb4.27.4&Prime; _module_preset=\u00a0\u00bbdefault\u00a0\u00bb background_enable_color=\u00a0\u00bboff\u00a0\u00bb background_image=\u00a0\u00bbhttps:\/\/www.lessauterelles.be\/accueil\/wp-content\/uploads\/2016\/03\/Bebe-biberon-cuisine-e1754500542451.jpg\u00a0\u00bb background_enable_image=\u00a0\u00bbon\u00a0\u00bb background_size=\u00a0\u00bbstretch\u00a0\u00bb width=\u00a0\u00bb100%\u00a0\u00bb max_width=\u00a0\u00bb100%\u00a0\u00bb global_colors_info=\u00a0\u00bb{}\u00a0\u00bb sticky_transition=\u00a0\u00bbon\u00a0\u00bb][\/et_pb_slide][\/et_pb_fullwidth_slider][\/et_pb_section][et_pb_section fb_built=\u00a0\u00bb1&Prime; _builder_version=\u00a0\u00bb4.27.4&Prime; background_image=\u00a0\u00bbhttps:\/\/www.lessauterelles.be\/accueil\/wp-content\/uploads\/2016\/02\/bg8.jpg\u00a0\u00bb background_size=\u00a0\u00bbinitial\u00a0\u00bb background_repeat=\u00a0\u00bbrepeat\u00a0\u00bb custom_margin=\u00a0\u00bb0px||||false|false\u00a0\u00bb custom_padding=\u00a0\u00bb0px||||false|false\u00a0\u00bb global_colors_info=\u00a0\u00bb{}\u00a0\u00bb][et_pb_row _builder_version=\u00a0\u00bb4.27.4&Prime; background_color=\u00a0\u00bb#ffffff\u00a0\u00bb background_size=\u00a0\u00bbinitial\u00a0\u00bb background_position=\u00a0\u00bbtop_left\u00a0\u00bb background_repeat=\u00a0\u00bbrepeat\u00a0\u00bb custom_margin=\u00a0\u00bb0px||||false|false\u00a0\u00bb custom_margin_tablet=\u00a0\u00bb\u00a0\u00bb custom_margin_phone=\u00a0\u00bb\u00a0\u00bb custom_margin_last_edited=\u00a0\u00bbon|phone\u00a0\u00bb custom_padding=\u00a0\u00bb0px||||false|false\u00a0\u00bb global_colors_info=\u00a0\u00bb{}\u00a0\u00bb][et_pb_column type=\u00a0\u00bb4_4&Prime; _builder_version=\u00a0\u00bb4.16&Prime; custom_padding=\u00a0\u00bb|||\u00a0\u00bb global_colors_info=\u00a0\u00bb{}\u00a0\u00bb custom_padding__hover=\u00a0\u00bb|||\u00a0\u00bb][et_pb_text _builder_version=\u00a0\u00bb4.27.4&Prime; background_enable_color=\u00a0\u00bboff\u00a0\u00bb background_size=\u00a0\u00bbinitial\u00a0\u00bb background_position=\u00a0\u00bbtop_left\u00a0\u00bb background_repeat=\u00a0\u00bbrepeat\u00a0\u00bb custom_margin=\u00a0\u00bb23px|50px|||false|false\u00a0\u00bb custom_padding=\u00a0\u00bb12px|||20px|false|false\u00a0\u00bb hover_enabled=\u00a0\u00bb0&Prime; global_colors_info=\u00a0\u00bb{}\u00a0\u00bb sticky_enabled=\u00a0\u00bb0&Prime;]<\/p>\n<h4><strong><span style=\"color: #5bb4e5;\">\u00bb<\/span><\/strong> <span class=\"html-span xdj266r x14z9mp xat24cr x1lziwak xexx8yu xyri2b x18d9i69 x1c1uobl x1hl2dhg x16tdsg8 x1vvkbs x4k7w5x x1h91t0o x1h9r5lt x1jfb8zj xv2umb2 x1beo9mf xaigb6o x12ejxvf x3igimt xarpa2k xedcshv x1lytzrv x1t2pt76 x7ja8zs x1qrby5j\"><span class=\"x193iq5w xeuugli x13faqbe x1vvkbs xlh3980 xvmahel x1n0sxbx x1lliihq x1s928wv xhkezso x1gmr53x x1cpjm7i x1fgarty x1943h6x xudqn12 x3x7a5m x6prxxf xvq8zen xo1l8bm xzsf02u\" dir=\"auto\">La cr\u00e8che<\/span><\/span> veut assurer le d\u00e9veloppement harmonieux de chaque enfant en\u00a0:<\/h4>\n<ul>\n<li>Respectant l\u2019enfant et ses besoins<\/li>\n<li>Respectant la vie familiale de l\u2019enfant et sa culture<\/li>\n<li>Permettant \u00e0 l\u2019enfant de s\u2019exprimer et de d\u00e9velopper sa cr\u00e9ativit\u00e9<\/li>\n<li>Permettant \u00e0 l\u2019enfant de d\u00e9velopper toutes ses aptitudes psychologiques, affectives, physiologiques et intellectuelles<\/li>\n<li>Lui offrant l\u2019occasion d\u2019exercer sa motricit\u00e9 et de multiplier les exp\u00e9riences sensorielles et cognitives<\/li>\n<\/ul>\n<h4><strong><span style=\"color: #5bb4e5;\">\u00bb<\/span><\/strong> Nous mettons donc tout en \u0153uvre pour y arriver\u00a0:<\/h4>\n<ul>\n<li><span class=\"html-span xdj266r x14z9mp xat24cr x1lziwak xexx8yu xyri2b x18d9i69 x1c1uobl x1hl2dhg x16tdsg8 x1vvkbs x4k7w5x x1h91t0o x1h9r5lt x1jfb8zj xv2umb2 x1beo9mf xaigb6o x12ejxvf x3igimt xarpa2k xedcshv x1lytzrv x1t2pt76 x7ja8zs x1qrby5j\"><span class=\"x193iq5w xeuugli x13faqbe x1vvkbs xlh3980 xvmahel x1n0sxbx x1lliihq x1s928wv xhkezso x1gmr53x x1cpjm7i x1fgarty x1943h6x xudqn12 x3x7a5m x6prxxf xvq8zen xo1l8bm xzsf02u\" dir=\"auto\">P\u00e9riode de familiarisation pr\u00e9vue avant l\u2019entr\u00e9e en cr\u00e8che<\/span><\/span><\/li>\n<li>Accueil personnalis\u00e9 de chaque enfant, respect du rythme de l\u2019enfant<\/li>\n<li>Activit\u00e9s adapt\u00e9es au d\u00e9veloppement de chaque enfant (\u00e9veil musical, psychomotricit\u00e9, bricolage, lecture, visite \u00e0 la biblioth\u00e8que, \u2026)<\/li>\n<li>Mat\u00e9riel adapt\u00e9 aux enfants afin de les stimuler et de leur permettre d\u2019apprendre, d\u2019exp\u00e9rimenter, de bouger tout en s\u2019amusant<\/li>\n<\/ul>\n<p>[\/et_pb_text][\/et_pb_column][\/et_pb_row][\/et_pb_section]<\/p>\n","protected":false},"excerpt":{"rendered":"<p>\u00bb La cr\u00e8che veut assurer le d\u00e9veloppement harmonieux de chaque enfant en\u00a0: Respectant l\u2019enfant et ses besoins Respectant la vie familiale de l\u2019enfant et sa culture Permettant \u00e0 l\u2019enfant de s\u2019exprimer et de d\u00e9velopper sa cr\u00e9ativit\u00e9 Permettant \u00e0 l\u2019enfant de d\u00e9velopper toutes ses aptitudes psychologiques, affectives, physiologiques et intellectuelles Lui offrant l\u2019occasion d\u2019exercer sa motricit\u00e9 [&hellip;]<\/p>\n","protected":false},"author":1,"featured_media":0,"parent":0,"menu_order":0,"comment_status":"closed","ping_status":"closed","template":"","meta":{"_et_pb_use_builder":"on","_et_pb_old_content":"<h4><code>[soliloquy id=\"67\"]<\/code><\/h4><p>\u00a0<\/p><h4>\u00bb La maison d\u2019enfants veut assurer le d\u00e9veloppement harmonieux de chaque enfant en\u00a0:<\/h4><ul><li>respectant l\u2019enfant et ses besoins<\/li><li>respectant la vie familiale de l\u2019enfant et sa culture<\/li><li>permettant \u00e0 l\u2019enfant de s\u2019exprimer et de d\u00e9velopper sa cr\u00e9ativit\u00e9<\/li><li>permettant \u00e0 l\u2019enfant de d\u00e9velopper toutes ses aptitudes psychologiques, affectives, physiologiques et intellectuelles<\/li><li>lui offrant l\u2019occasion d\u2019exercer sa motricit\u00e9 et de multiplier les exp\u00e9riences sensorielles et cognitives<\/li><\/ul><h4>\u00bb Nous mettons donc tout en \u0153uvre pour y arriver\u00a0:<\/h4><ul><li>possibilit\u00e9 d\u2019une p\u00e9riode d\u2019adaptation avant l\u2019entr\u00e9e en cr\u00e8che<\/li><li>accueil personnalis\u00e9 de chaque enfant, respect du rythme de l\u2019enfant<\/li><li>activit\u00e9s adapt\u00e9es au d\u00e9veloppement de chaque enfant (\u00e9veil musical, psychomotricit\u00e9, bricolage, lecture, visite \u00e0 la biblioth\u00e8que, \u2026)<\/li><li>mat\u00e9riel adapt\u00e9 aux enfants afin de les stimuler et de leur permettre d\u2019apprendre, d\u2019exp\u00e9rimenter, de bouger tout en s\u2019amusant.<\/li><\/ul>","_et_gb_content_width":"","footnotes":""},"class_list":["post-30","page","type-page","status-publish","hentry"],"yoast_head":"<!-- This site is optimized with the Yoast SEO plugin v27.4 - https:\/\/yoast.com\/product\/yoast-seo-wordpress\/ -->\n<title>Projets - Les sauterelles<\/title>\n<meta name=\"description\" content=\"La cr\u00e8che veut assurer le d\u00e9veloppement harmonieux de chaque enfant en\u00a0: Respectant l\u2019enfant et ses besoins, Respectant la vie familiale de l\u2019enfant et sa culture, Permettant \u00e0 l\u2019enfant de s\u2019exprimer et de d\u00e9velopper sa cr\u00e9ativit\u00e9\" \/>\n<meta name=\"robots\" content=\"index, follow, max-snippet:-1, max-image-preview:large, max-video-preview:-1\" \/>\n<link rel=\"canonical\" href=\"https:\/\/www.lessauterelles.be\/accueil\/projet\/\" \/>\n<meta property=\"og:locale\" content=\"fr_FR\" \/>\n<meta property=\"og:type\" content=\"article\" \/>\n<meta property=\"og:title\" content=\"Projets - Les sauterelles\" \/>\n<meta property=\"og:description\" content=\"La cr\u00e8che veut assurer le d\u00e9veloppement harmonieux de chaque enfant en\u00a0: Respectant l\u2019enfant et ses besoins, Respectant la vie familiale de l\u2019enfant et sa culture, Permettant \u00e0 l\u2019enfant de s\u2019exprimer et de d\u00e9velopper sa cr\u00e9ativit\u00e9\" \/>\n<meta property=\"og:url\" content=\"https:\/\/www.lessauterelles.be\/accueil\/projet\/\" \/>\n<meta property=\"og:site_name\" content=\"Les sauterelles\" \/>\n<meta property=\"article:modified_time\" content=\"2025-09-29T17:16:56+00:00\" \/>\n<meta name=\"twitter:card\" content=\"summary_large_image\" \/>\n<meta name=\"twitter:label1\" content=\"Dur\u00e9e de lecture estim\u00e9e\" \/>\n\t<meta name=\"twitter:data1\" content=\"2 minutes\" \/>\n<script type=\"application\/ld+json\" class=\"yoast-schema-graph\">{\"@context\":\"https:\\\/\\\/schema.org\",\"@graph\":[{\"@type\":\"WebPage\",\"@id\":\"https:\\\/\\\/www.lessauterelles.be\\\/accueil\\\/projet\\\/\",\"url\":\"https:\\\/\\\/www.lessauterelles.be\\\/accueil\\\/projet\\\/\",\"name\":\"Projets - Les sauterelles\",\"isPartOf\":{\"@id\":\"https:\\\/\\\/www.lessauterelles.be\\\/accueil\\\/#website\"},\"datePublished\":\"2016-02-24T14:44:14+00:00\",\"dateModified\":\"2025-09-29T17:16:56+00:00\",\"description\":\"La cr\u00e8che veut assurer le d\u00e9veloppement harmonieux de chaque enfant en\u00a0: Respectant l\u2019enfant et ses besoins, Respectant la vie familiale de l\u2019enfant et sa culture, Permettant \u00e0 l\u2019enfant de s\u2019exprimer et de d\u00e9velopper sa cr\u00e9ativit\u00e9\",\"breadcrumb\":{\"@id\":\"https:\\\/\\\/www.lessauterelles.be\\\/accueil\\\/projet\\\/#breadcrumb\"},\"inLanguage\":\"fr-FR\",\"potentialAction\":[{\"@type\":\"ReadAction\",\"target\":[\"https:\\\/\\\/www.lessauterelles.be\\\/accueil\\\/projet\\\/\"]}]},{\"@type\":\"BreadcrumbList\",\"@id\":\"https:\\\/\\\/www.lessauterelles.be\\\/accueil\\\/projet\\\/#breadcrumb\",\"itemListElement\":[{\"@type\":\"ListItem\",\"position\":1,\"name\":\"Accueil\",\"item\":\"https:\\\/\\\/www.lessauterelles.be\\\/accueil\\\/\"},{\"@type\":\"ListItem\",\"position\":2,\"name\":\"Projets\"}]},{\"@type\":\"WebSite\",\"@id\":\"https:\\\/\\\/www.lessauterelles.be\\\/accueil\\\/#website\",\"url\":\"https:\\\/\\\/www.lessauterelles.be\\\/accueil\\\/\",\"name\":\"Les sauterelles\",\"description\":\"Une cr\u00e8che conviviale et accueillante au c\u0153ur de Berchem-Sainte-Agathe\u00a0\",\"publisher\":{\"@id\":\"https:\\\/\\\/www.lessauterelles.be\\\/accueil\\\/#organization\"},\"potentialAction\":[{\"@type\":\"SearchAction\",\"target\":{\"@type\":\"EntryPoint\",\"urlTemplate\":\"https:\\\/\\\/www.lessauterelles.be\\\/accueil\\\/?s={search_term_string}\"},\"query-input\":{\"@type\":\"PropertyValueSpecification\",\"valueRequired\":true,\"valueName\":\"search_term_string\"}}],\"inLanguage\":\"fr-FR\"},{\"@type\":\"Organization\",\"@id\":\"https:\\\/\\\/www.lessauterelles.be\\\/accueil\\\/#organization\",\"name\":\"Les sauterelles\",\"url\":\"https:\\\/\\\/www.lessauterelles.be\\\/accueil\\\/\",\"logo\":{\"@type\":\"ImageObject\",\"inLanguage\":\"fr-FR\",\"@id\":\"https:\\\/\\\/www.lessauterelles.be\\\/accueil\\\/#\\\/schema\\\/logo\\\/image\\\/\",\"url\":\"https:\\\/\\\/i0.wp.com\\\/www.lessauterelles.be\\\/accueil\\\/wp-content\\\/uploads\\\/2025\\\/03\\\/babynouch-sohie-katz.png?fit=481%2C486&ssl=1\",\"contentUrl\":\"https:\\\/\\\/i0.wp.com\\\/www.lessauterelles.be\\\/accueil\\\/wp-content\\\/uploads\\\/2025\\\/03\\\/babynouch-sohie-katz.png?fit=481%2C486&ssl=1\",\"width\":481,\"height\":486,\"caption\":\"Les sauterelles\"},\"image\":{\"@id\":\"https:\\\/\\\/www.lessauterelles.be\\\/accueil\\\/#\\\/schema\\\/logo\\\/image\\\/\"}}]}<\/script>\n<!-- \/ Yoast SEO plugin. -->","yoast_head_json":{"title":"Projets - Les sauterelles","description":"La cr\u00e8che veut assurer le d\u00e9veloppement harmonieux de chaque enfant en\u00a0: Respectant l\u2019enfant et ses besoins, Respectant la vie familiale de l\u2019enfant et sa culture, Permettant \u00e0 l\u2019enfant de s\u2019exprimer et de d\u00e9velopper sa cr\u00e9ativit\u00e9","robots":{"index":"index","follow":"follow","max-snippet":"max-snippet:-1","max-image-preview":"max-image-preview:large","max-video-preview":"max-video-preview:-1"},"canonical":"https:\/\/www.lessauterelles.be\/accueil\/projet\/","og_locale":"fr_FR","og_type":"article","og_title":"Projets - Les sauterelles","og_description":"La cr\u00e8che veut assurer le d\u00e9veloppement harmonieux de chaque enfant en\u00a0: Respectant l\u2019enfant et ses besoins, Respectant la vie familiale de l\u2019enfant et sa culture, Permettant \u00e0 l\u2019enfant de s\u2019exprimer et de d\u00e9velopper sa cr\u00e9ativit\u00e9","og_url":"https:\/\/www.lessauterelles.be\/accueil\/projet\/","og_site_name":"Les sauterelles","article_modified_time":"2025-09-29T17:16:56+00:00","twitter_card":"summary_large_image","twitter_misc":{"Dur\u00e9e de lecture estim\u00e9e":"2 minutes"},"schema":{"@context":"https:\/\/schema.org","@graph":[{"@type":"WebPage","@id":"https:\/\/www.lessauterelles.be\/accueil\/projet\/","url":"https:\/\/www.lessauterelles.be\/accueil\/projet\/","name":"Projets - Les sauterelles","isPartOf":{"@id":"https:\/\/www.lessauterelles.be\/accueil\/#website"},"datePublished":"2016-02-24T14:44:14+00:00","dateModified":"2025-09-29T17:16:56+00:00","description":"La cr\u00e8che veut assurer le d\u00e9veloppement harmonieux de chaque enfant en\u00a0: Respectant l\u2019enfant et ses besoins, Respectant la vie familiale de l\u2019enfant et sa culture, Permettant \u00e0 l\u2019enfant de s\u2019exprimer et de d\u00e9velopper sa cr\u00e9ativit\u00e9","breadcrumb":{"@id":"https:\/\/www.lessauterelles.be\/accueil\/projet\/#breadcrumb"},"inLanguage":"fr-FR","potentialAction":[{"@type":"ReadAction","target":["https:\/\/www.lessauterelles.be\/accueil\/projet\/"]}]},{"@type":"BreadcrumbList","@id":"https:\/\/www.lessauterelles.be\/accueil\/projet\/#breadcrumb","itemListElement":[{"@type":"ListItem","position":1,"name":"Accueil","item":"https:\/\/www.lessauterelles.be\/accueil\/"},{"@type":"ListItem","position":2,"name":"Projets"}]},{"@type":"WebSite","@id":"https:\/\/www.lessauterelles.be\/accueil\/#website","url":"https:\/\/www.lessauterelles.be\/accueil\/","name":"Les sauterelles","description":"Une cr\u00e8che conviviale et accueillante au c\u0153ur de Berchem-Sainte-Agathe\u00a0","publisher":{"@id":"https:\/\/www.lessauterelles.be\/accueil\/#organization"},"potentialAction":[{"@type":"SearchAction","target":{"@type":"EntryPoint","urlTemplate":"https:\/\/www.lessauterelles.be\/accueil\/?s={search_term_string}"},"query-input":{"@type":"PropertyValueSpecification","valueRequired":true,"valueName":"search_term_string"}}],"inLanguage":"fr-FR"},{"@type":"Organization","@id":"https:\/\/www.lessauterelles.be\/accueil\/#organization","name":"Les sauterelles","url":"https:\/\/www.lessauterelles.be\/accueil\/","logo":{"@type":"ImageObject","inLanguage":"fr-FR","@id":"https:\/\/www.lessauterelles.be\/accueil\/#\/schema\/logo\/image\/","url":"https:\/\/i0.wp.com\/www.lessauterelles.be\/accueil\/wp-content\/uploads\/2025\/03\/babynouch-sohie-katz.png?fit=481%2C486&ssl=1","contentUrl":"https:\/\/i0.wp.com\/www.lessauterelles.be\/accueil\/wp-content\/uploads\/2025\/03\/babynouch-sohie-katz.png?fit=481%2C486&ssl=1","width":481,"height":486,"caption":"Les sauterelles"},"image":{"@id":"https:\/\/www.lessauterelles.be\/accueil\/#\/schema\/logo\/image\/"}}]}},"jetpack_shortlink":"https:\/\/wp.me\/P9fSHg-u","jetpack_sharing_enabled":true,"_links":{"self":[{"href":"https:\/\/www.lessauterelles.be\/accueil\/wp-json\/wp\/v2\/pages\/30","targetHints":{"allow":["GET"]}}],"collection":[{"href":"https:\/\/www.lessauterelles.be\/accueil\/wp-json\/wp\/v2\/pages"}],"about":[{"href":"https:\/\/www.lessauterelles.be\/accueil\/wp-json\/wp\/v2\/types\/page"}],"author":[{"embeddable":true,"href":"https:\/\/www.lessauterelles.be\/accueil\/wp-json\/wp\/v2\/users\/1"}],"replies":[{"embeddable":true,"href":"https:\/\/www.lessauterelles.be\/accueil\/wp-json\/wp\/v2\/comments?post=30"}],"version-history":[{"count":30,"href":"https:\/\/www.lessauterelles.be\/accueil\/wp-json\/wp\/v2\/pages\/30\/revisions"}],"predecessor-version":[{"id":554,"href":"https:\/\/www.lessauterelles.be\/accueil\/wp-json\/wp\/v2\/pages\/30\/revisions\/554"}],"wp:attachment":[{"href":"https:\/\/www.lessauterelles.be\/accueil\/wp-json\/wp\/v2\/media?parent=30"}],"curies":[{"name":"wp","href":"https:\/\/api.w.org\/{rel}","templated":true}]}}